{"id":26429,"date":"2016-06-03T05:02:03","date_gmt":"2016-06-03T02:02:03","guid":{"rendered":"https:\/\/www.tktk.ee\/nd_literature\/ashlee-vance-elon-musk-tesla-spacex-ja-rannak-ulmelisse-tulevikku-2015\/"},"modified":"2025-06-20T10:11:32","modified_gmt":"2025-06-20T07:11:32","slug":"ashlee-vance-elon-musk-tesla-spacex-ja-rannak-ulmelisse-tulevikku-2015","status":"publish","type":"nd_literature","link":"https:\/\/www.tktk.ee\/en\/uliopilasele\/raamatukogu\/kirjandus\/ashlee-vance-elon-musk-tesla-spacex-ja-rannak-ulmelisse-tulevikku-2015\/","title":{"rendered":"Ashlee Vance &#8220;Elon Musk : Tesla, SpaceX ja r\u00e4nnak ulmelisse tulevikku&#8221;, 2015"},"content":{"rendered":"\n<p class=\"wp-block-paragraph\">Elon Musk on meie aja \u00fcks hulljulgemaid ettev\u00f5tjaid. Ta on rajanud PayPali, Tesla Motorsi, SpaceXi ja SolarCity. K\u00f5ik need ettev\u00f5tted on raputanud \u00e4ri- ja t\u00f6\u00f6stusringkondi ning m\u00e4ngivad olulist rolli tuleviku kujundamisel.<\/p>\n\n\n\n<p class=\"wp-block-paragraph\">Kogenud tehnoloogiaajakirjanik Ashlee Vance annab \u00fclevaate Elon Muski elust ja tegemistest. Raamatus j\u00e4lgitakse peategelase teekonda alates raskest lapsep\u00f5lvest L\u00f5una-Aafrikas kuni j\u00f5udmiseni \u00e4rimaailma tippu. Autor vestles ligi kolmesaja inimesega, saades tulemuseks p\u00f5neva loo maailma muutvatest ettev\u00f5tmistest. Musk on keerulise iseloomuga mees, kes on uuendanud t\u00f6\u00f6stust ja kogunud seel\u00e4bi ka hulgaliselt vaenlasi.<\/p>\n\n\n\n<p class=\"wp-block-paragraph\"><strong><a href=\"http:\/\/www.ester.ee\/record=b4486612*est\" target=\"_blank\" rel=\"noopener\">Vaata saadavust e-kataloogist ESTER<\/a><\/strong><\/p>\n\n\n\n<p class=\"wp-block-paragraph\"><\/p>\n","protected":false},"excerpt":{"rendered":"<p>Elon Musk on meie aja \u00fcks hulljulgemaid ettev\u00f5tjaid. Ta on rajanud PayPali, Tesla Motorsi, SpaceXi ja SolarCity. K\u00f5ik need ettev\u00f5tted on raputanud \u00e4ri- ja t\u00f6\u00f6stusringkondi ning m\u00e4ngivad olulist rolli tuleviku kujundamisel. Kogenud tehnoloogiaajakirjanik Ashlee Vance annab \u00fclevaate Elon Muski elust ja tegemistest. Raamatus j\u00e4lgitakse peategelase teekonda alates raskest lapsep\u00f5lvest L\u00f5una-Aafrikas kuni j\u00f5udmiseni \u00e4rimaailma tippu. Autor [&hellip;]<\/p>\n","protected":false},"author":3,"featured_media":26430,"template":"","nd_literature_tag":[831,2189,1029,1057,2191,2190],"nd_literature_cat":[464],"class_list":["post-26429","nd_literature","type-nd_literature","status-publish","has-post-thumbnail","hentry","nd_literature_tag-arijuhtimine","nd_literature_tag-elon-musk","nd_literature_tag-ettevotjad","nd_literature_tag-ettevotted","nd_literature_tag-spacex","nd_literature_tag-tesla-motors","nd_literature_cat-majandus-ja-ettevotlus"],"acf":[],"yoast_head":"<!-- This site is optimized with the Yoast SEO plugin v28.3 - https:\/\/yoast.com\/product\/yoast-seo-wordpress\/ -->\n<title>Ashlee Vance &quot;Elon Musk : Tesla, SpaceX ja r\u00e4nnak ulmelisse tulevikku&quot;, 2015 - Tallinna Tehnikak\u00f5rgkool<\/title>\n<meta name=\"robots\" content=\"index, follow, max-snippet:-1, max-image-preview:large, max-video-preview:-1\" \/>\n<link rel=\"canonical\" href=\"https:\/\/www.tktk.ee\/en\/uliopilasele\/raamatukogu\/kirjandus\/ashlee-vance-elon-musk-tesla-spacex-ja-rannak-ulmelisse-tulevikku-2015\/\" \/>\n<meta property=\"og:locale\" content=\"en_US\" \/>\n<meta property=\"og:type\" content=\"article\" \/>\n<meta property=\"og:title\" content=\"Ashlee Vance &quot;Elon Musk : Tesla, SpaceX ja r\u00e4nnak ulmelisse tulevikku&quot;, 2015 - Tallinna Tehnikak\u00f5rgkool\" \/>\n<meta property=\"og:description\" content=\"Elon Musk on meie aja \u00fcks hulljulgemaid ettev\u00f5tjaid. Ta on rajanud PayPali, Tesla Motorsi, SpaceXi ja SolarCity. K\u00f5ik need ettev\u00f5tted on raputanud \u00e4ri- ja t\u00f6\u00f6stusringkondi ning m\u00e4ngivad olulist rolli tuleviku kujundamisel. Kogenud tehnoloogiaajakirjanik Ashlee Vance annab \u00fclevaate Elon Muski elust ja tegemistest. Raamatus j\u00e4lgitakse peategelase teekonda alates raskest lapsep\u00f5lvest L\u00f5una-Aafrikas kuni j\u00f5udmiseni \u00e4rimaailma tippu. Autor [&hellip;]\" \/>\n<meta property=\"og:url\" content=\"https:\/\/www.tktk.ee\/en\/uliopilasele\/raamatukogu\/kirjandus\/ashlee-vance-elon-musk-tesla-spacex-ja-rannak-ulmelisse-tulevikku-2015\/\" \/>\n<meta property=\"og:site_name\" content=\"Tallinna Tehnikak\u00f5rgkool\" \/>\n<meta property=\"article:modified_time\" content=\"2025-06-20T07:11:32+00:00\" \/>\n<meta property=\"og:image\" content=\"https:\/\/www.tktk.ee\/wp-content\/uploads\/2023\/05\/doc04193120221213141943_001-scaled-1.jpg\" \/>\n\t<meta property=\"og:image:width\" content=\"749\" \/>\n\t<meta property=\"og:image:height\" content=\"1080\" \/>\n\t<meta property=\"og:image:type\" content=\"image\/jpeg\" \/>\n<meta name=\"twitter:card\" content=\"summary_large_image\" \/>\n<meta name=\"twitter:label1\" content=\"Est. reading time\" \/>\n\t<meta name=\"twitter:data1\" content=\"1 minute\" \/>\n<script type=\"application\/ld+json\" class=\"yoast-schema-graph\">{\"@context\":\"https:\\\/\\\/schema.org\",\"@graph\":[{\"@type\":[\"Article\",\"BlogPosting\"],\"@id\":\"https:\\\/\\\/www.tktk.ee\\\/en\\\/uliopilasele\\\/raamatukogu\\\/kirjandus\\\/ashlee-vance-elon-musk-tesla-spacex-ja-rannak-ulmelisse-tulevikku-2015\\\/#article\",\"isPartOf\":{\"@id\":\"https:\\\/\\\/www.tktk.ee\\\/en\\\/uliopilasele\\\/raamatukogu\\\/kirjandus\\\/ashlee-vance-elon-musk-tesla-spacex-ja-rannak-ulmelisse-tulevikku-2015\\\/\"},\"author\":{\"name\":\"ndhaldur\",\"@id\":\"https:\\\/\\\/www.tktk.ee\\\/en\\\/#\\\/schema\\\/person\\\/71e0179675b086f8b792538b1c7fd68b\"},\"headline\":\"Ashlee Vance &#8220;Elon Musk : Tesla, SpaceX ja r\u00e4nnak ulmelisse tulevikku&#8221;, 2015\",\"datePublished\":\"2016-06-03T02:02:03+00:00\",\"dateModified\":\"2025-06-20T07:11:32+00:00\",\"mainEntityOfPage\":{\"@id\":\"https:\\\/\\\/www.tktk.ee\\\/en\\\/uliopilasele\\\/raamatukogu\\\/kirjandus\\\/ashlee-vance-elon-musk-tesla-spacex-ja-rannak-ulmelisse-tulevikku-2015\\\/\"},\"wordCount\":109,\"publisher\":{\"@id\":\"https:\\\/\\\/www.tktk.ee\\\/en\\\/#organization\"},\"image\":{\"@id\":\"https:\\\/\\\/www.tktk.ee\\\/en\\\/uliopilasele\\\/raamatukogu\\\/kirjandus\\\/ashlee-vance-elon-musk-tesla-spacex-ja-rannak-ulmelisse-tulevikku-2015\\\/#primaryimage\"},\"thumbnailUrl\":\"https:\\\/\\\/www.tktk.ee\\\/wp-content\\\/uploads\\\/2023\\\/05\\\/doc04193120221213141943_001-scaled-1.jpg\",\"inLanguage\":\"en-US\"},{\"@type\":\"WebPage\",\"@id\":\"https:\\\/\\\/www.tktk.ee\\\/en\\\/uliopilasele\\\/raamatukogu\\\/kirjandus\\\/ashlee-vance-elon-musk-tesla-spacex-ja-rannak-ulmelisse-tulevikku-2015\\\/\",\"url\":\"https:\\\/\\\/www.tktk.ee\\\/en\\\/uliopilasele\\\/raamatukogu\\\/kirjandus\\\/ashlee-vance-elon-musk-tesla-spacex-ja-rannak-ulmelisse-tulevikku-2015\\\/\",\"name\":\"Ashlee Vance \\\"Elon Musk : Tesla, SpaceX ja r\u00e4nnak ulmelisse tulevikku\\\", 2015 - Tallinna Tehnikak\u00f5rgkool\",\"isPartOf\":{\"@id\":\"https:\\\/\\\/www.tktk.ee\\\/en\\\/#website\"},\"primaryImageOfPage\":{\"@id\":\"https:\\\/\\\/www.tktk.ee\\\/en\\\/uliopilasele\\\/raamatukogu\\\/kirjandus\\\/ashlee-vance-elon-musk-tesla-spacex-ja-rannak-ulmelisse-tulevikku-2015\\\/#primaryimage\"},\"image\":{\"@id\":\"https:\\\/\\\/www.tktk.ee\\\/en\\\/uliopilasele\\\/raamatukogu\\\/kirjandus\\\/ashlee-vance-elon-musk-tesla-spacex-ja-rannak-ulmelisse-tulevikku-2015\\\/#primaryimage\"},\"thumbnailUrl\":\"https:\\\/\\\/www.tktk.ee\\\/wp-content\\\/uploads\\\/2023\\\/05\\\/doc04193120221213141943_001-scaled-1.jpg\",\"datePublished\":\"2016-06-03T02:02:03+00:00\",\"dateModified\":\"2025-06-20T07:11:32+00:00\",\"breadcrumb\":{\"@id\":\"https:\\\/\\\/www.tktk.ee\\\/en\\\/uliopilasele\\\/raamatukogu\\\/kirjandus\\\/ashlee-vance-elon-musk-tesla-spacex-ja-rannak-ulmelisse-tulevikku-2015\\\/#breadcrumb\"},\"inLanguage\":\"en-US\",\"potentialAction\":[{\"@type\":\"ReadAction\",\"target\":[\"https:\\\/\\\/www.tktk.ee\\\/en\\\/uliopilasele\\\/raamatukogu\\\/kirjandus\\\/ashlee-vance-elon-musk-tesla-spacex-ja-rannak-ulmelisse-tulevikku-2015\\\/\"]}]},{\"@type\":\"ImageObject\",\"inLanguage\":\"en-US\",\"@id\":\"https:\\\/\\\/www.tktk.ee\\\/en\\\/uliopilasele\\\/raamatukogu\\\/kirjandus\\\/ashlee-vance-elon-musk-tesla-spacex-ja-rannak-ulmelisse-tulevikku-2015\\\/#primaryimage\",\"url\":\"https:\\\/\\\/www.tktk.ee\\\/wp-content\\\/uploads\\\/2023\\\/05\\\/doc04193120221213141943_001-scaled-1.jpg\",\"contentUrl\":\"https:\\\/\\\/www.tktk.ee\\\/wp-content\\\/uploads\\\/2023\\\/05\\\/doc04193120221213141943_001-scaled-1.jpg\",\"width\":749,\"height\":1080,\"caption\":\"Tallinna Tehnikak\u00f5rgkool - Ashlee Vance Elon Musk - raamatu kaanefoto\"},{\"@type\":\"BreadcrumbList\",\"@id\":\"https:\\\/\\\/www.tktk.ee\\\/en\\\/uliopilasele\\\/raamatukogu\\\/kirjandus\\\/ashlee-vance-elon-musk-tesla-spacex-ja-rannak-ulmelisse-tulevikku-2015\\\/#breadcrumb\",\"itemListElement\":[{\"@type\":\"ListItem\",\"position\":1,\"name\":\"Front-page\",\"item\":\"https:\\\/\\\/www.tktk.ee\\\/en\\\/\"},{\"@type\":\"ListItem\",\"position\":2,\"name\":\"Kirjandus\",\"item\":\"https:\\\/\\\/www.tktk.ee\\\/en\\\/uliopilasele\\\/raamatukogu\\\/kirjandus\\\/\"},{\"@type\":\"ListItem\",\"position\":3,\"name\":\"Ashlee Vance &#8220;Elon Musk : Tesla, SpaceX ja r\u00e4nnak ulmelisse tulevikku&#8221;, 2015\"}]},{\"@type\":\"WebSite\",\"@id\":\"https:\\\/\\\/www.tktk.ee\\\/en\\\/#website\",\"url\":\"https:\\\/\\\/www.tktk.ee\\\/en\\\/\",\"name\":\"Tallinna Tehnikak\u00f5rgkool\",\"description\":\"\",\"publisher\":{\"@id\":\"https:\\\/\\\/www.tktk.ee\\\/en\\\/#organization\"},\"alternateName\":\"TTK\",\"potentialAction\":[{\"@type\":\"SearchAction\",\"target\":{\"@type\":\"EntryPoint\",\"urlTemplate\":\"https:\\\/\\\/www.tktk.ee\\\/en\\\/?s={search_term_string}\"},\"query-input\":{\"@type\":\"PropertyValueSpecification\",\"valueRequired\":true,\"valueName\":\"search_term_string\"}}],\"inLanguage\":\"en-US\"},{\"@type\":\"Organization\",\"@id\":\"https:\\\/\\\/www.tktk.ee\\\/en\\\/#organization\",\"name\":\"Tallinna Tehnikak\u00f5rgkool\",\"url\":\"https:\\\/\\\/www.tktk.ee\\\/en\\\/\",\"logo\":{\"@type\":\"ImageObject\",\"inLanguage\":\"en-US\",\"@id\":\"https:\\\/\\\/www.tktk.ee\\\/en\\\/#\\\/schema\\\/logo\\\/image\\\/\",\"url\":\"https:\\\/\\\/www.tktk.ee\\\/wp-content\\\/uploads\\\/2021\\\/12\\\/ttk_logo_originaal_UKR-2.svg\",\"contentUrl\":\"https:\\\/\\\/www.tktk.ee\\\/wp-content\\\/uploads\\\/2021\\\/12\\\/ttk_logo_originaal_UKR-2.svg\",\"caption\":\"Tallinna Tehnikak\u00f5rgkool\"},\"image\":{\"@id\":\"https:\\\/\\\/www.tktk.ee\\\/en\\\/#\\\/schema\\\/logo\\\/image\\\/\"}},{\"@type\":\"Person\",\"@id\":\"https:\\\/\\\/www.tktk.ee\\\/en\\\/#\\\/schema\\\/person\\\/71e0179675b086f8b792538b1c7fd68b\",\"name\":\"ndhaldur\",\"image\":{\"@type\":\"ImageObject\",\"inLanguage\":\"en-US\",\"@id\":\"https:\\\/\\\/secure.gravatar.com\\\/avatar\\\/bcb6e32b86692730ebe8a9a3e4ab21d7eb635d1ee2cb8d626d500dda5fab1a1c?s=96&d=mm&r=g\",\"url\":\"https:\\\/\\\/secure.gravatar.com\\\/avatar\\\/bcb6e32b86692730ebe8a9a3e4ab21d7eb635d1ee2cb8d626d500dda5fab1a1c?s=96&d=mm&r=g\",\"contentUrl\":\"https:\\\/\\\/secure.gravatar.com\\\/avatar\\\/bcb6e32b86692730ebe8a9a3e4ab21d7eb635d1ee2cb8d626d500dda5fab1a1c?s=96&d=mm&r=g\",\"caption\":\"ndhaldur\"},\"url\":\"https:\\\/\\\/www.tktk.ee\\\/en\\\/author\\\/a0aac024fd5c7417\\\/\"}]}<\/script>\n<!-- \/ Yoast SEO plugin. -->","yoast_head_json":{"title":"Ashlee Vance \"Elon Musk : Tesla, SpaceX ja r\u00e4nnak ulmelisse tulevikku\", 2015 - Tallinna Tehnikak\u00f5rgkool","robots":{"index":"index","follow":"follow","max-snippet":"max-snippet:-1","max-image-preview":"max-image-preview:large","max-video-preview":"max-video-preview:-1"},"canonical":"https:\/\/www.tktk.ee\/en\/uliopilasele\/raamatukogu\/kirjandus\/ashlee-vance-elon-musk-tesla-spacex-ja-rannak-ulmelisse-tulevikku-2015\/","og_locale":"en_US","og_type":"article","og_title":"Ashlee Vance \"Elon Musk : Tesla, SpaceX ja r\u00e4nnak ulmelisse tulevikku\", 2015 - Tallinna Tehnikak\u00f5rgkool","og_description":"Elon Musk on meie aja \u00fcks hulljulgemaid ettev\u00f5tjaid. Ta on rajanud PayPali, Tesla Motorsi, SpaceXi ja SolarCity. K\u00f5ik need ettev\u00f5tted on raputanud \u00e4ri- ja t\u00f6\u00f6stusringkondi ning m\u00e4ngivad olulist rolli tuleviku kujundamisel. Kogenud tehnoloogiaajakirjanik Ashlee Vance annab \u00fclevaate Elon Muski elust ja tegemistest. Raamatus j\u00e4lgitakse peategelase teekonda alates raskest lapsep\u00f5lvest L\u00f5una-Aafrikas kuni j\u00f5udmiseni \u00e4rimaailma tippu. Autor [&hellip;]","og_url":"https:\/\/www.tktk.ee\/en\/uliopilasele\/raamatukogu\/kirjandus\/ashlee-vance-elon-musk-tesla-spacex-ja-rannak-ulmelisse-tulevikku-2015\/","og_site_name":"Tallinna Tehnikak\u00f5rgkool","article_modified_time":"2025-06-20T07:11:32+00:00","og_image":[{"width":749,"height":1080,"url":"https:\/\/www.tktk.ee\/wp-content\/uploads\/2023\/05\/doc04193120221213141943_001-scaled-1.jpg","type":"image\/jpeg"}],"twitter_card":"summary_large_image","twitter_misc":{"Est. reading time":"1 minute"},"schema":{"@context":"https:\/\/schema.org","@graph":[{"@type":["Article","BlogPosting"],"@id":"https:\/\/www.tktk.ee\/en\/uliopilasele\/raamatukogu\/kirjandus\/ashlee-vance-elon-musk-tesla-spacex-ja-rannak-ulmelisse-tulevikku-2015\/#article","isPartOf":{"@id":"https:\/\/www.tktk.ee\/en\/uliopilasele\/raamatukogu\/kirjandus\/ashlee-vance-elon-musk-tesla-spacex-ja-rannak-ulmelisse-tulevikku-2015\/"},"author":{"name":"ndhaldur","@id":"https:\/\/www.tktk.ee\/en\/#\/schema\/person\/71e0179675b086f8b792538b1c7fd68b"},"headline":"Ashlee Vance &#8220;Elon Musk : Tesla, SpaceX ja r\u00e4nnak ulmelisse tulevikku&#8221;, 2015","datePublished":"2016-06-03T02:02:03+00:00","dateModified":"2025-06-20T07:11:32+00:00","mainEntityOfPage":{"@id":"https:\/\/www.tktk.ee\/en\/uliopilasele\/raamatukogu\/kirjandus\/ashlee-vance-elon-musk-tesla-spacex-ja-rannak-ulmelisse-tulevikku-2015\/"},"wordCount":109,"publisher":{"@id":"https:\/\/www.tktk.ee\/en\/#organization"},"image":{"@id":"https:\/\/www.tktk.ee\/en\/uliopilasele\/raamatukogu\/kirjandus\/ashlee-vance-elon-musk-tesla-spacex-ja-rannak-ulmelisse-tulevikku-2015\/#primaryimage"},"thumbnailUrl":"https:\/\/www.tktk.ee\/wp-content\/uploads\/2023\/05\/doc04193120221213141943_001-scaled-1.jpg","inLanguage":"en-US"},{"@type":"WebPage","@id":"https:\/\/www.tktk.ee\/en\/uliopilasele\/raamatukogu\/kirjandus\/ashlee-vance-elon-musk-tesla-spacex-ja-rannak-ulmelisse-tulevikku-2015\/","url":"https:\/\/www.tktk.ee\/en\/uliopilasele\/raamatukogu\/kirjandus\/ashlee-vance-elon-musk-tesla-spacex-ja-rannak-ulmelisse-tulevikku-2015\/","name":"Ashlee Vance \"Elon Musk : Tesla, SpaceX ja r\u00e4nnak ulmelisse tulevikku\", 2015 - Tallinna Tehnikak\u00f5rgkool","isPartOf":{"@id":"https:\/\/www.tktk.ee\/en\/#website"},"primaryImageOfPage":{"@id":"https:\/\/www.tktk.ee\/en\/uliopilasele\/raamatukogu\/kirjandus\/ashlee-vance-elon-musk-tesla-spacex-ja-rannak-ulmelisse-tulevikku-2015\/#primaryimage"},"image":{"@id":"https:\/\/www.tktk.ee\/en\/uliopilasele\/raamatukogu\/kirjandus\/ashlee-vance-elon-musk-tesla-spacex-ja-rannak-ulmelisse-tulevikku-2015\/#primaryimage"},"thumbnailUrl":"https:\/\/www.tktk.ee\/wp-content\/uploads\/2023\/05\/doc04193120221213141943_001-scaled-1.jpg","datePublished":"2016-06-03T02:02:03+00:00","dateModified":"2025-06-20T07:11:32+00:00","breadcrumb":{"@id":"https:\/\/www.tktk.ee\/en\/uliopilasele\/raamatukogu\/kirjandus\/ashlee-vance-elon-musk-tesla-spacex-ja-rannak-ulmelisse-tulevikku-2015\/#breadcrumb"},"inLanguage":"en-US","potentialAction":[{"@type":"ReadAction","target":["https:\/\/www.tktk.ee\/en\/uliopilasele\/raamatukogu\/kirjandus\/ashlee-vance-elon-musk-tesla-spacex-ja-rannak-ulmelisse-tulevikku-2015\/"]}]},{"@type":"ImageObject","inLanguage":"en-US","@id":"https:\/\/www.tktk.ee\/en\/uliopilasele\/raamatukogu\/kirjandus\/ashlee-vance-elon-musk-tesla-spacex-ja-rannak-ulmelisse-tulevikku-2015\/#primaryimage","url":"https:\/\/www.tktk.ee\/wp-content\/uploads\/2023\/05\/doc04193120221213141943_001-scaled-1.jpg","contentUrl":"https:\/\/www.tktk.ee\/wp-content\/uploads\/2023\/05\/doc04193120221213141943_001-scaled-1.jpg","width":749,"height":1080,"caption":"Tallinna Tehnikak\u00f5rgkool - Ashlee Vance Elon Musk - raamatu kaanefoto"},{"@type":"BreadcrumbList","@id":"https:\/\/www.tktk.ee\/en\/uliopilasele\/raamatukogu\/kirjandus\/ashlee-vance-elon-musk-tesla-spacex-ja-rannak-ulmelisse-tulevikku-2015\/#breadcrumb","itemListElement":[{"@type":"ListItem","position":1,"name":"Front-page","item":"https:\/\/www.tktk.ee\/en\/"},{"@type":"ListItem","position":2,"name":"Kirjandus","item":"https:\/\/www.tktk.ee\/en\/uliopilasele\/raamatukogu\/kirjandus\/"},{"@type":"ListItem","position":3,"name":"Ashlee Vance &#8220;Elon Musk : Tesla, SpaceX ja r\u00e4nnak ulmelisse tulevikku&#8221;, 2015"}]},{"@type":"WebSite","@id":"https:\/\/www.tktk.ee\/en\/#website","url":"https:\/\/www.tktk.ee\/en\/","name":"Tallinna Tehnikak\u00f5rgkool","description":"","publisher":{"@id":"https:\/\/www.tktk.ee\/en\/#organization"},"alternateName":"TTK","potentialAction":[{"@type":"SearchAction","target":{"@type":"EntryPoint","urlTemplate":"https:\/\/www.tktk.ee\/en\/?s={search_term_string}"},"query-input":{"@type":"PropertyValueSpecification","valueRequired":true,"valueName":"search_term_string"}}],"inLanguage":"en-US"},{"@type":"Organization","@id":"https:\/\/www.tktk.ee\/en\/#organization","name":"Tallinna Tehnikak\u00f5rgkool","url":"https:\/\/www.tktk.ee\/en\/","logo":{"@type":"ImageObject","inLanguage":"en-US","@id":"https:\/\/www.tktk.ee\/en\/#\/schema\/logo\/image\/","url":"https:\/\/www.tktk.ee\/wp-content\/uploads\/2021\/12\/ttk_logo_originaal_UKR-2.svg","contentUrl":"https:\/\/www.tktk.ee\/wp-content\/uploads\/2021\/12\/ttk_logo_originaal_UKR-2.svg","caption":"Tallinna Tehnikak\u00f5rgkool"},"image":{"@id":"https:\/\/www.tktk.ee\/en\/#\/schema\/logo\/image\/"}},{"@type":"Person","@id":"https:\/\/www.tktk.ee\/en\/#\/schema\/person\/71e0179675b086f8b792538b1c7fd68b","name":"ndhaldur","image":{"@type":"ImageObject","inLanguage":"en-US","@id":"https:\/\/secure.gravatar.com\/avatar\/bcb6e32b86692730ebe8a9a3e4ab21d7eb635d1ee2cb8d626d500dda5fab1a1c?s=96&d=mm&r=g","url":"https:\/\/secure.gravatar.com\/avatar\/bcb6e32b86692730ebe8a9a3e4ab21d7eb635d1ee2cb8d626d500dda5fab1a1c?s=96&d=mm&r=g","contentUrl":"https:\/\/secure.gravatar.com\/avatar\/bcb6e32b86692730ebe8a9a3e4ab21d7eb635d1ee2cb8d626d500dda5fab1a1c?s=96&d=mm&r=g","caption":"ndhaldur"},"url":"https:\/\/www.tktk.ee\/en\/author\/a0aac024fd5c7417\/"}]}},"_links":{"self":[{"href":"https:\/\/www.tktk.ee\/en\/wp-json\/wp\/v2\/nd_literature\/26429","targetHints":{"allow":["GET"]}}],"collection":[{"href":"https:\/\/www.tktk.ee\/en\/wp-json\/wp\/v2\/nd_literature"}],"about":[{"href":"https:\/\/www.tktk.ee\/en\/wp-json\/wp\/v2\/types\/nd_literature"}],"author":[{"embeddable":true,"href":"https:\/\/www.tktk.ee\/en\/wp-json\/wp\/v2\/users\/3"}],"version-history":[{"count":2,"href":"https:\/\/www.tktk.ee\/en\/wp-json\/wp\/v2\/nd_literature\/26429\/revisions"}],"predecessor-version":[{"id":48036,"href":"https:\/\/www.tktk.ee\/en\/wp-json\/wp\/v2\/nd_literature\/26429\/revisions\/48036"}],"wp:featuredmedia":[{"embeddable":true,"href":"https:\/\/www.tktk.ee\/en\/wp-json\/wp\/v2\/media\/26430"}],"wp:attachment":[{"href":"https:\/\/www.tktk.ee\/en\/wp-json\/wp\/v2\/media?parent=26429"}],"wp:term":[{"taxonomy":"nd_literature_tag","embeddable":true,"href":"https:\/\/www.tktk.ee\/en\/wp-json\/wp\/v2\/nd_literature_tag?post=26429"},{"taxonomy":"nd_literature_cat","embeddable":true,"href":"https:\/\/www.tktk.ee\/en\/wp-json\/wp\/v2\/nd_literature_cat?post=26429"}],"curies":[{"name":"wp","href":"https:\/\/api.w.org\/{rel}","templated":true}]}}