{"id":40214,"date":"2024-12-12T09:59:31","date_gmt":"2024-12-12T07:59:31","guid":{"rendered":"https:\/\/www.tktk.ee\/?post_type=nd_literature&#038;p=40214"},"modified":"2025-03-24T13:19:34","modified_gmt":"2025-03-24T11:19:34","slug":"monika-platzer-cold-war-and-architecture-the-competing-forces-that-reshaped-austria-after-1945-2019","status":"publish","type":"nd_literature","link":"https:\/\/www.tktk.ee\/en\/uliopilasele\/raamatukogu\/kirjandus\/monika-platzer-cold-war-and-architecture-the-competing-forces-that-reshaped-austria-after-1945-2019\/","title":{"rendered":"Monika Platzer &#8220;Cold War and Architecture : The Competing Forces that Reshaped Austria after 1945&#8221;, 2019"},"content":{"rendered":"\n<p>Raamat annab v\u00e4rske \u00fclevaate Austria arhitektuuri ajaloost. Esimest korda on v\u00f5imalik tervikuna vaadata Austria s\u00f5jaj\u00e4rgset arhitektuuri.<\/p>\n\n\n\n<p>P\u00e4rast Austria vabastamist Teise maailmas\u00f5ja l\u00f5pus 1945. aasta kevadel jagati riik v\u00f5idukate suurriikide Suurbritannia, Prantsusmaa, USA ja N\u00f5ukogude Liidu vahel okupatsioonideks. Viinist sai peagi puhkeva k\u00fclma s\u00f5ja keskne punkt. Erinevate poliitiliste s\u00fcsteemide v\u00f5itlus toimus ka arhitektuuri valdkonnas. Teos heidab uut valgust s\u00f5jaj\u00e4rgse Austria ehitustegevusele ja selle peamistele autoritele. <\/p>\n\n\n\n<p>K\u00fcmneaastase okupatsiooniperioodi jooksul toimus Austrias \u00fcleminek autoritaarselt valitsemisviisilt demokraatlikule tarbimis\u00fchiskonnale. K\u00f5ik neli liitlasriiki l\u00f5id oma ulatusliku kultuuriprogrammi. Arhitektuurin\u00e4itused said \u00fchiskonnakorralduse muutmisel olulisteks vahenditeks. <\/p>\n\n\n\n<p><strong><a href=\"https:\/\/www.ester.ee\/record=b5385363*est\" target=\"_blank\" rel=\"noreferrer noopener\">Vaata saadavust e-kataloogist ESTE<\/a><a href=\"https:\/\/www.ester.ee\/record=b5693638*est\">R<\/a><\/strong><\/p>\n\n\n\n<p><\/p>\n","protected":false},"excerpt":{"rendered":"<p>Raamat annab v\u00e4rske \u00fclevaate Austria arhitektuuri ajaloost. Esimest korda on v\u00f5imalik tervikuna vaadata Austria s\u00f5jaj\u00e4rgset arhitektuuri. P\u00e4rast Austria vabastamist Teise maailmas\u00f5ja l\u00f5pus 1945. aasta kevadel jagati riik v\u00f5idukate suurriikide Suurbritannia, Prantsusmaa, USA ja N\u00f5ukogude Liidu vahel okupatsioonideks. Viinist sai peagi puhkeva k\u00fclma s\u00f5ja keskne punkt. Erinevate poliitiliste s\u00fcsteemide v\u00f5itlus toimus ka arhitektuuri valdkonnas. Teos heidab [&hellip;]<\/p>\n","protected":false},"author":23,"featured_media":40215,"template":"","nd_literature_tag":[456,502,1980],"nd_literature_cat":[459],"class_list":["post-40214","nd_literature","type-nd_literature","status-publish","has-post-thumbnail","hentry","nd_literature_tag-arhitektuur","nd_literature_tag-arhitektuuriajalugu","nd_literature_tag-austria-arhitektuur","nd_literature_cat-arhitektuur-ja-kunst"],"acf":[],"yoast_head":"<!-- This site is optimized with the Yoast SEO plugin v27.5 - https:\/\/yoast.com\/product\/yoast-seo-wordpress\/ -->\n<title>Monika Platzer &quot;Cold War and Architecture : The Competing Forces that Reshaped Austria after 1945&quot;, 2019 - Tallinna Tehnikak\u00f5rgkool<\/title>\n<meta name=\"robots\" content=\"index, follow, max-snippet:-1, max-image-preview:large, max-video-preview:-1\" \/>\n<link rel=\"canonical\" href=\"https:\/\/www.tktk.ee\/en\/uliopilasele\/raamatukogu\/kirjandus\/monika-platzer-cold-war-and-architecture-the-competing-forces-that-reshaped-austria-after-1945-2019\/\" \/>\n<meta property=\"og:locale\" content=\"en_US\" \/>\n<meta property=\"og:type\" content=\"article\" \/>\n<meta property=\"og:title\" content=\"Monika Platzer &quot;Cold War and Architecture : The Competing Forces that Reshaped Austria after 1945&quot;, 2019 - Tallinna Tehnikak\u00f5rgkool\" \/>\n<meta property=\"og:description\" content=\"Raamat annab v\u00e4rske \u00fclevaate Austria arhitektuuri ajaloost. Esimest korda on v\u00f5imalik tervikuna vaadata Austria s\u00f5jaj\u00e4rgset arhitektuuri. P\u00e4rast Austria vabastamist Teise maailmas\u00f5ja l\u00f5pus 1945. aasta kevadel jagati riik v\u00f5idukate suurriikide Suurbritannia, Prantsusmaa, USA ja N\u00f5ukogude Liidu vahel okupatsioonideks. Viinist sai peagi puhkeva k\u00fclma s\u00f5ja keskne punkt. Erinevate poliitiliste s\u00fcsteemide v\u00f5itlus toimus ka arhitektuuri valdkonnas. Teos heidab [&hellip;]\" \/>\n<meta property=\"og:url\" content=\"https:\/\/www.tktk.ee\/en\/uliopilasele\/raamatukogu\/kirjandus\/monika-platzer-cold-war-and-architecture-the-competing-forces-that-reshaped-austria-after-1945-2019\/\" \/>\n<meta property=\"og:site_name\" content=\"Tallinna Tehnikak\u00f5rgkool\" \/>\n<meta property=\"article:modified_time\" content=\"2025-03-24T11:19:34+00:00\" \/>\n<meta property=\"og:image\" content=\"https:\/\/www.tktk.ee\/wp-content\/uploads\/2024\/12\/cold-war-and-architecture.jpg\" \/>\n\t<meta property=\"og:image:width\" content=\"569\" \/>\n\t<meta property=\"og:image:height\" content=\"765\" \/>\n\t<meta property=\"og:image:type\" content=\"image\/jpeg\" \/>\n<meta name=\"twitter:card\" content=\"summary_large_image\" \/>\n<meta name=\"twitter:label1\" content=\"Est. reading time\" \/>\n\t<meta name=\"twitter:data1\" content=\"1 minute\" \/>\n<script type=\"application\/ld+json\" class=\"yoast-schema-graph\">{\"@context\":\"https:\\\/\\\/schema.org\",\"@graph\":[{\"@type\":[\"Article\",\"BlogPosting\"],\"@id\":\"https:\\\/\\\/www.tktk.ee\\\/en\\\/uliopilasele\\\/raamatukogu\\\/kirjandus\\\/monika-platzer-cold-war-and-architecture-the-competing-forces-that-reshaped-austria-after-1945-2019\\\/#article\",\"isPartOf\":{\"@id\":\"https:\\\/\\\/www.tktk.ee\\\/en\\\/uliopilasele\\\/raamatukogu\\\/kirjandus\\\/monika-platzer-cold-war-and-architecture-the-competing-forces-that-reshaped-austria-after-1945-2019\\\/\"},\"author\":{\"name\":\"Mailiis Olli\",\"@id\":\"https:\\\/\\\/www.tktk.ee\\\/en\\\/#\\\/schema\\\/person\\\/d561a6f3c0c707350a26d7f1b5f0fbc6\"},\"headline\":\"Monika Platzer &#8220;Cold War and Architecture : The Competing Forces that Reshaped Austria after 1945&#8221;, 2019\",\"datePublished\":\"2024-12-12T07:59:31+00:00\",\"dateModified\":\"2025-03-24T11:19:34+00:00\",\"mainEntityOfPage\":{\"@id\":\"https:\\\/\\\/www.tktk.ee\\\/en\\\/uliopilasele\\\/raamatukogu\\\/kirjandus\\\/monika-platzer-cold-war-and-architecture-the-competing-forces-that-reshaped-austria-after-1945-2019\\\/\"},\"wordCount\":124,\"publisher\":{\"@id\":\"https:\\\/\\\/www.tktk.ee\\\/en\\\/#organization\"},\"image\":{\"@id\":\"https:\\\/\\\/www.tktk.ee\\\/en\\\/uliopilasele\\\/raamatukogu\\\/kirjandus\\\/monika-platzer-cold-war-and-architecture-the-competing-forces-that-reshaped-austria-after-1945-2019\\\/#primaryimage\"},\"thumbnailUrl\":\"https:\\\/\\\/www.tktk.ee\\\/wp-content\\\/uploads\\\/2024\\\/12\\\/cold-war-and-architecture.jpg\",\"inLanguage\":\"en-US\"},{\"@type\":\"WebPage\",\"@id\":\"https:\\\/\\\/www.tktk.ee\\\/en\\\/uliopilasele\\\/raamatukogu\\\/kirjandus\\\/monika-platzer-cold-war-and-architecture-the-competing-forces-that-reshaped-austria-after-1945-2019\\\/\",\"url\":\"https:\\\/\\\/www.tktk.ee\\\/en\\\/uliopilasele\\\/raamatukogu\\\/kirjandus\\\/monika-platzer-cold-war-and-architecture-the-competing-forces-that-reshaped-austria-after-1945-2019\\\/\",\"name\":\"Monika Platzer \\\"Cold War and Architecture : The Competing Forces that Reshaped Austria after 1945\\\", 2019 - Tallinna Tehnikak\u00f5rgkool\",\"isPartOf\":{\"@id\":\"https:\\\/\\\/www.tktk.ee\\\/en\\\/#website\"},\"primaryImageOfPage\":{\"@id\":\"https:\\\/\\\/www.tktk.ee\\\/en\\\/uliopilasele\\\/raamatukogu\\\/kirjandus\\\/monika-platzer-cold-war-and-architecture-the-competing-forces-that-reshaped-austria-after-1945-2019\\\/#primaryimage\"},\"image\":{\"@id\":\"https:\\\/\\\/www.tktk.ee\\\/en\\\/uliopilasele\\\/raamatukogu\\\/kirjandus\\\/monika-platzer-cold-war-and-architecture-the-competing-forces-that-reshaped-austria-after-1945-2019\\\/#primaryimage\"},\"thumbnailUrl\":\"https:\\\/\\\/www.tktk.ee\\\/wp-content\\\/uploads\\\/2024\\\/12\\\/cold-war-and-architecture.jpg\",\"datePublished\":\"2024-12-12T07:59:31+00:00\",\"dateModified\":\"2025-03-24T11:19:34+00:00\",\"breadcrumb\":{\"@id\":\"https:\\\/\\\/www.tktk.ee\\\/en\\\/uliopilasele\\\/raamatukogu\\\/kirjandus\\\/monika-platzer-cold-war-and-architecture-the-competing-forces-that-reshaped-austria-after-1945-2019\\\/#breadcrumb\"},\"inLanguage\":\"en-US\",\"potentialAction\":[{\"@type\":\"ReadAction\",\"target\":[\"https:\\\/\\\/www.tktk.ee\\\/en\\\/uliopilasele\\\/raamatukogu\\\/kirjandus\\\/monika-platzer-cold-war-and-architecture-the-competing-forces-that-reshaped-austria-after-1945-2019\\\/\"]}]},{\"@type\":\"ImageObject\",\"inLanguage\":\"en-US\",\"@id\":\"https:\\\/\\\/www.tktk.ee\\\/en\\\/uliopilasele\\\/raamatukogu\\\/kirjandus\\\/monika-platzer-cold-war-and-architecture-the-competing-forces-that-reshaped-austria-after-1945-2019\\\/#primaryimage\",\"url\":\"https:\\\/\\\/www.tktk.ee\\\/wp-content\\\/uploads\\\/2024\\\/12\\\/cold-war-and-architecture.jpg\",\"contentUrl\":\"https:\\\/\\\/www.tktk.ee\\\/wp-content\\\/uploads\\\/2024\\\/12\\\/cold-war-and-architecture.jpg\",\"width\":569,\"height\":765,\"caption\":\"Tallinna Tehnikak\u00f5rgkool - Monika Platzer Cold war and architecture - raamatu kaanefoto\"},{\"@type\":\"BreadcrumbList\",\"@id\":\"https:\\\/\\\/www.tktk.ee\\\/en\\\/uliopilasele\\\/raamatukogu\\\/kirjandus\\\/monika-platzer-cold-war-and-architecture-the-competing-forces-that-reshaped-austria-after-1945-2019\\\/#breadcrumb\",\"itemListElement\":[{\"@type\":\"ListItem\",\"position\":1,\"name\":\"Front-page\",\"item\":\"https:\\\/\\\/www.tktk.ee\\\/en\\\/\"},{\"@type\":\"ListItem\",\"position\":2,\"name\":\"Kirjandus\",\"item\":\"https:\\\/\\\/www.tktk.ee\\\/en\\\/uliopilasele\\\/raamatukogu\\\/kirjandus\\\/\"},{\"@type\":\"ListItem\",\"position\":3,\"name\":\"Monika Platzer &#8220;Cold War and Architecture : The Competing Forces that Reshaped Austria after 1945&#8221;, 2019\"}]},{\"@type\":\"WebSite\",\"@id\":\"https:\\\/\\\/www.tktk.ee\\\/en\\\/#website\",\"url\":\"https:\\\/\\\/www.tktk.ee\\\/en\\\/\",\"name\":\"Tallinna Tehnikak\u00f5rgkool\",\"description\":\"\",\"publisher\":{\"@id\":\"https:\\\/\\\/www.tktk.ee\\\/en\\\/#organization\"},\"alternateName\":\"TTK\",\"potentialAction\":[{\"@type\":\"SearchAction\",\"target\":{\"@type\":\"EntryPoint\",\"urlTemplate\":\"https:\\\/\\\/www.tktk.ee\\\/en\\\/?s={search_term_string}\"},\"query-input\":{\"@type\":\"PropertyValueSpecification\",\"valueRequired\":true,\"valueName\":\"search_term_string\"}}],\"inLanguage\":\"en-US\"},{\"@type\":\"Organization\",\"@id\":\"https:\\\/\\\/www.tktk.ee\\\/en\\\/#organization\",\"name\":\"Tallinna Tehnikak\u00f5rgkool\",\"url\":\"https:\\\/\\\/www.tktk.ee\\\/en\\\/\",\"logo\":{\"@type\":\"ImageObject\",\"inLanguage\":\"en-US\",\"@id\":\"https:\\\/\\\/www.tktk.ee\\\/en\\\/#\\\/schema\\\/logo\\\/image\\\/\",\"url\":\"https:\\\/\\\/www.tktk.ee\\\/wp-content\\\/uploads\\\/2021\\\/12\\\/ttk_logo_originaal_UKR-2.svg\",\"contentUrl\":\"https:\\\/\\\/www.tktk.ee\\\/wp-content\\\/uploads\\\/2021\\\/12\\\/ttk_logo_originaal_UKR-2.svg\",\"caption\":\"Tallinna Tehnikak\u00f5rgkool\"},\"image\":{\"@id\":\"https:\\\/\\\/www.tktk.ee\\\/en\\\/#\\\/schema\\\/logo\\\/image\\\/\"}},{\"@type\":\"Person\",\"@id\":\"https:\\\/\\\/www.tktk.ee\\\/en\\\/#\\\/schema\\\/person\\\/d561a6f3c0c707350a26d7f1b5f0fbc6\",\"name\":\"Mailiis Olli\",\"image\":{\"@type\":\"ImageObject\",\"inLanguage\":\"en-US\",\"@id\":\"https:\\\/\\\/secure.gravatar.com\\\/avatar\\\/ae94f3d785936a3370c51d1db2e6c7714f5d3e1fa05e3be99b8da36642f921b6?s=96&d=mm&r=g\",\"url\":\"https:\\\/\\\/secure.gravatar.com\\\/avatar\\\/ae94f3d785936a3370c51d1db2e6c7714f5d3e1fa05e3be99b8da36642f921b6?s=96&d=mm&r=g\",\"contentUrl\":\"https:\\\/\\\/secure.gravatar.com\\\/avatar\\\/ae94f3d785936a3370c51d1db2e6c7714f5d3e1fa05e3be99b8da36642f921b6?s=96&d=mm&r=g\",\"caption\":\"Mailiis Olli\"},\"url\":\"https:\\\/\\\/www.tktk.ee\\\/en\\\/author\\\/3d1e8d80d7ad9060\\\/\"}]}<\/script>\n<!-- \/ Yoast SEO plugin. -->","yoast_head_json":{"title":"Monika Platzer \"Cold War and Architecture : The Competing Forces that Reshaped Austria after 1945\", 2019 - Tallinna Tehnikak\u00f5rgkool","robots":{"index":"index","follow":"follow","max-snippet":"max-snippet:-1","max-image-preview":"max-image-preview:large","max-video-preview":"max-video-preview:-1"},"canonical":"https:\/\/www.tktk.ee\/en\/uliopilasele\/raamatukogu\/kirjandus\/monika-platzer-cold-war-and-architecture-the-competing-forces-that-reshaped-austria-after-1945-2019\/","og_locale":"en_US","og_type":"article","og_title":"Monika Platzer \"Cold War and Architecture : The Competing Forces that Reshaped Austria after 1945\", 2019 - Tallinna Tehnikak\u00f5rgkool","og_description":"Raamat annab v\u00e4rske \u00fclevaate Austria arhitektuuri ajaloost. Esimest korda on v\u00f5imalik tervikuna vaadata Austria s\u00f5jaj\u00e4rgset arhitektuuri. P\u00e4rast Austria vabastamist Teise maailmas\u00f5ja l\u00f5pus 1945. aasta kevadel jagati riik v\u00f5idukate suurriikide Suurbritannia, Prantsusmaa, USA ja N\u00f5ukogude Liidu vahel okupatsioonideks. Viinist sai peagi puhkeva k\u00fclma s\u00f5ja keskne punkt. Erinevate poliitiliste s\u00fcsteemide v\u00f5itlus toimus ka arhitektuuri valdkonnas. Teos heidab [&hellip;]","og_url":"https:\/\/www.tktk.ee\/en\/uliopilasele\/raamatukogu\/kirjandus\/monika-platzer-cold-war-and-architecture-the-competing-forces-that-reshaped-austria-after-1945-2019\/","og_site_name":"Tallinna Tehnikak\u00f5rgkool","article_modified_time":"2025-03-24T11:19:34+00:00","og_image":[{"width":569,"height":765,"url":"https:\/\/www.tktk.ee\/wp-content\/uploads\/2024\/12\/cold-war-and-architecture.jpg","type":"image\/jpeg"}],"twitter_card":"summary_large_image","twitter_misc":{"Est. reading time":"1 minute"},"schema":{"@context":"https:\/\/schema.org","@graph":[{"@type":["Article","BlogPosting"],"@id":"https:\/\/www.tktk.ee\/en\/uliopilasele\/raamatukogu\/kirjandus\/monika-platzer-cold-war-and-architecture-the-competing-forces-that-reshaped-austria-after-1945-2019\/#article","isPartOf":{"@id":"https:\/\/www.tktk.ee\/en\/uliopilasele\/raamatukogu\/kirjandus\/monika-platzer-cold-war-and-architecture-the-competing-forces-that-reshaped-austria-after-1945-2019\/"},"author":{"name":"Mailiis Olli","@id":"https:\/\/www.tktk.ee\/en\/#\/schema\/person\/d561a6f3c0c707350a26d7f1b5f0fbc6"},"headline":"Monika Platzer &#8220;Cold War and Architecture : The Competing Forces that Reshaped Austria after 1945&#8221;, 2019","datePublished":"2024-12-12T07:59:31+00:00","dateModified":"2025-03-24T11:19:34+00:00","mainEntityOfPage":{"@id":"https:\/\/www.tktk.ee\/en\/uliopilasele\/raamatukogu\/kirjandus\/monika-platzer-cold-war-and-architecture-the-competing-forces-that-reshaped-austria-after-1945-2019\/"},"wordCount":124,"publisher":{"@id":"https:\/\/www.tktk.ee\/en\/#organization"},"image":{"@id":"https:\/\/www.tktk.ee\/en\/uliopilasele\/raamatukogu\/kirjandus\/monika-platzer-cold-war-and-architecture-the-competing-forces-that-reshaped-austria-after-1945-2019\/#primaryimage"},"thumbnailUrl":"https:\/\/www.tktk.ee\/wp-content\/uploads\/2024\/12\/cold-war-and-architecture.jpg","inLanguage":"en-US"},{"@type":"WebPage","@id":"https:\/\/www.tktk.ee\/en\/uliopilasele\/raamatukogu\/kirjandus\/monika-platzer-cold-war-and-architecture-the-competing-forces-that-reshaped-austria-after-1945-2019\/","url":"https:\/\/www.tktk.ee\/en\/uliopilasele\/raamatukogu\/kirjandus\/monika-platzer-cold-war-and-architecture-the-competing-forces-that-reshaped-austria-after-1945-2019\/","name":"Monika Platzer \"Cold War and Architecture : The Competing Forces that Reshaped Austria after 1945\", 2019 - Tallinna Tehnikak\u00f5rgkool","isPartOf":{"@id":"https:\/\/www.tktk.ee\/en\/#website"},"primaryImageOfPage":{"@id":"https:\/\/www.tktk.ee\/en\/uliopilasele\/raamatukogu\/kirjandus\/monika-platzer-cold-war-and-architecture-the-competing-forces-that-reshaped-austria-after-1945-2019\/#primaryimage"},"image":{"@id":"https:\/\/www.tktk.ee\/en\/uliopilasele\/raamatukogu\/kirjandus\/monika-platzer-cold-war-and-architecture-the-competing-forces-that-reshaped-austria-after-1945-2019\/#primaryimage"},"thumbnailUrl":"https:\/\/www.tktk.ee\/wp-content\/uploads\/2024\/12\/cold-war-and-architecture.jpg","datePublished":"2024-12-12T07:59:31+00:00","dateModified":"2025-03-24T11:19:34+00:00","breadcrumb":{"@id":"https:\/\/www.tktk.ee\/en\/uliopilasele\/raamatukogu\/kirjandus\/monika-platzer-cold-war-and-architecture-the-competing-forces-that-reshaped-austria-after-1945-2019\/#breadcrumb"},"inLanguage":"en-US","potentialAction":[{"@type":"ReadAction","target":["https:\/\/www.tktk.ee\/en\/uliopilasele\/raamatukogu\/kirjandus\/monika-platzer-cold-war-and-architecture-the-competing-forces-that-reshaped-austria-after-1945-2019\/"]}]},{"@type":"ImageObject","inLanguage":"en-US","@id":"https:\/\/www.tktk.ee\/en\/uliopilasele\/raamatukogu\/kirjandus\/monika-platzer-cold-war-and-architecture-the-competing-forces-that-reshaped-austria-after-1945-2019\/#primaryimage","url":"https:\/\/www.tktk.ee\/wp-content\/uploads\/2024\/12\/cold-war-and-architecture.jpg","contentUrl":"https:\/\/www.tktk.ee\/wp-content\/uploads\/2024\/12\/cold-war-and-architecture.jpg","width":569,"height":765,"caption":"Tallinna Tehnikak\u00f5rgkool - Monika Platzer Cold war and architecture - raamatu kaanefoto"},{"@type":"BreadcrumbList","@id":"https:\/\/www.tktk.ee\/en\/uliopilasele\/raamatukogu\/kirjandus\/monika-platzer-cold-war-and-architecture-the-competing-forces-that-reshaped-austria-after-1945-2019\/#breadcrumb","itemListElement":[{"@type":"ListItem","position":1,"name":"Front-page","item":"https:\/\/www.tktk.ee\/en\/"},{"@type":"ListItem","position":2,"name":"Kirjandus","item":"https:\/\/www.tktk.ee\/en\/uliopilasele\/raamatukogu\/kirjandus\/"},{"@type":"ListItem","position":3,"name":"Monika Platzer &#8220;Cold War and Architecture : The Competing Forces that Reshaped Austria after 1945&#8221;, 2019"}]},{"@type":"WebSite","@id":"https:\/\/www.tktk.ee\/en\/#website","url":"https:\/\/www.tktk.ee\/en\/","name":"Tallinna Tehnikak\u00f5rgkool","description":"","publisher":{"@id":"https:\/\/www.tktk.ee\/en\/#organization"},"alternateName":"TTK","potentialAction":[{"@type":"SearchAction","target":{"@type":"EntryPoint","urlTemplate":"https:\/\/www.tktk.ee\/en\/?s={search_term_string}"},"query-input":{"@type":"PropertyValueSpecification","valueRequired":true,"valueName":"search_term_string"}}],"inLanguage":"en-US"},{"@type":"Organization","@id":"https:\/\/www.tktk.ee\/en\/#organization","name":"Tallinna Tehnikak\u00f5rgkool","url":"https:\/\/www.tktk.ee\/en\/","logo":{"@type":"ImageObject","inLanguage":"en-US","@id":"https:\/\/www.tktk.ee\/en\/#\/schema\/logo\/image\/","url":"https:\/\/www.tktk.ee\/wp-content\/uploads\/2021\/12\/ttk_logo_originaal_UKR-2.svg","contentUrl":"https:\/\/www.tktk.ee\/wp-content\/uploads\/2021\/12\/ttk_logo_originaal_UKR-2.svg","caption":"Tallinna Tehnikak\u00f5rgkool"},"image":{"@id":"https:\/\/www.tktk.ee\/en\/#\/schema\/logo\/image\/"}},{"@type":"Person","@id":"https:\/\/www.tktk.ee\/en\/#\/schema\/person\/d561a6f3c0c707350a26d7f1b5f0fbc6","name":"Mailiis Olli","image":{"@type":"ImageObject","inLanguage":"en-US","@id":"https:\/\/secure.gravatar.com\/avatar\/ae94f3d785936a3370c51d1db2e6c7714f5d3e1fa05e3be99b8da36642f921b6?s=96&d=mm&r=g","url":"https:\/\/secure.gravatar.com\/avatar\/ae94f3d785936a3370c51d1db2e6c7714f5d3e1fa05e3be99b8da36642f921b6?s=96&d=mm&r=g","contentUrl":"https:\/\/secure.gravatar.com\/avatar\/ae94f3d785936a3370c51d1db2e6c7714f5d3e1fa05e3be99b8da36642f921b6?s=96&d=mm&r=g","caption":"Mailiis Olli"},"url":"https:\/\/www.tktk.ee\/en\/author\/3d1e8d80d7ad9060\/"}]}},"_links":{"self":[{"href":"https:\/\/www.tktk.ee\/en\/wp-json\/wp\/v2\/nd_literature\/40214","targetHints":{"allow":["GET"]}}],"collection":[{"href":"https:\/\/www.tktk.ee\/en\/wp-json\/wp\/v2\/nd_literature"}],"about":[{"href":"https:\/\/www.tktk.ee\/en\/wp-json\/wp\/v2\/types\/nd_literature"}],"author":[{"embeddable":true,"href":"https:\/\/www.tktk.ee\/en\/wp-json\/wp\/v2\/users\/23"}],"version-history":[{"count":2,"href":"https:\/\/www.tktk.ee\/en\/wp-json\/wp\/v2\/nd_literature\/40214\/revisions"}],"predecessor-version":[{"id":40325,"href":"https:\/\/www.tktk.ee\/en\/wp-json\/wp\/v2\/nd_literature\/40214\/revisions\/40325"}],"wp:featuredmedia":[{"embeddable":true,"href":"https:\/\/www.tktk.ee\/en\/wp-json\/wp\/v2\/media\/40215"}],"wp:attachment":[{"href":"https:\/\/www.tktk.ee\/en\/wp-json\/wp\/v2\/media?parent=40214"}],"wp:term":[{"taxonomy":"nd_literature_tag","embeddable":true,"href":"https:\/\/www.tktk.ee\/en\/wp-json\/wp\/v2\/nd_literature_tag?post=40214"},{"taxonomy":"nd_literature_cat","embeddable":true,"href":"https:\/\/www.tktk.ee\/en\/wp-json\/wp\/v2\/nd_literature_cat?post=40214"}],"curies":[{"name":"wp","href":"https:\/\/api.w.org\/{rel}","templated":true}]}}