{"id":40221,"date":"2024-12-12T09:58:55","date_gmt":"2024-12-12T07:58:55","guid":{"rendered":"https:\/\/www.tktk.ee\/?post_type=nd_literature&#038;p=40221"},"modified":"2025-03-24T13:13:37","modified_gmt":"2025-03-24T11:13:37","slug":"eve-blau-the-architecture-of-red-vienna-1919-1934-1999","status":"publish","type":"nd_literature","link":"https:\/\/www.tktk.ee\/en\/uliopilasele\/raamatukogu\/kirjandus\/eve-blau-the-architecture-of-red-vienna-1919-1934-1999\/","title":{"rendered":"Eve Blau &#8220;The Architecture of Red Vienna 1919-1934&#8221;, 1999"},"content":{"rendered":"\n<p>1919. aastal algatas Viini sotsiaaldemokraadist linnavolikogu radikaalse reformiprogrammi, mille eesm\u00e4rk oli kujundada linna taristu sotsialismi j\u00e4rgi \u00fcmber. &#8220;Punase&#8221; Viini keskne element oli Wiener Gemeindebauteni ehitamine. See koosnes 400st \u00fcle linna jaotatud kommunaalelamust, kus t\u00f6\u00f6liste elamud olid \u00fchendatud lasteaedade, raamatukogude, pesumajade, kliinikute, teatrite, sportimisv\u00f5imaluste, kauplustega ja muude avalike teenustega. Lisaks sellele, et 64 000 \u00fcksuses elas k\u00fcmnendik linna elanikkonnast, ehitati v\u00e4lja t\u00e4iesti uus taristu sotsiaalteenuste ja kultuuri sektorile.<\/p>\n\n\n\n<p>Kogu selle sotsialistliku \u00fclesehitamise kampaania ajal valitses Austriat konservatiivne, vaimulik ja antisotsialistlik poliitiline enamus. Punase Viini arhitektuur kujunes v\u00e4lja keset tugevalt laetud ja sageli v\u00e4givaldset poliitilist konflikti vasak- ja parempoolsete vahel. Raamatus vaatleb Eve Blau, kuidas see ideoloogiline konflikt m\u00f5jutas Punase Viini hoonete ehitamist &#8211; kuidas poliitika arhitektuuris avaldub. <\/p>\n\n\n\n<p>Tema uurimus on nii poliitilistest programmidest, arhitektuuripraktikast ja linnaajaloost s\u00f5dadevahelises Viinis kui ka protsessist, mille abil arhitektuur v\u00f5ib luua t\u00e4hendusruumi, mis h\u00f5lmab k\u00f5iki \u00fchiskonnaliikmeid. <\/p>\n\n\n\n<p><strong><a href=\"https:\/\/www.ester.ee\/record=b2016723*est\" target=\"_blank\" rel=\"noreferrer noopener\">Vaata saadavust e-kataloogist ESTE<\/a><a href=\"https:\/\/www.ester.ee\/record=b5693638*est\">R<\/a><\/strong><\/p>\n","protected":false},"excerpt":{"rendered":"<p>1919. aastal algatas Viini sotsiaaldemokraadist linnavolikogu radikaalse reformiprogrammi, mille eesm\u00e4rk oli kujundada linna taristu sotsialismi j\u00e4rgi \u00fcmber. &#8220;Punase&#8221; Viini keskne element oli Wiener Gemeindebauteni ehitamine. See koosnes 400st \u00fcle linna jaotatud kommunaalelamust, kus t\u00f6\u00f6liste elamud olid \u00fchendatud lasteaedade, raamatukogude, pesumajade, kliinikute, teatrite, sportimisv\u00f5imaluste, kauplustega ja muude avalike teenustega. Lisaks sellele, et 64 000 \u00fcksuses elas [&hellip;]<\/p>\n","protected":false},"author":23,"featured_media":40222,"template":"","nd_literature_tag":[456,502,1980],"nd_literature_cat":[459],"class_list":["post-40221","nd_literature","type-nd_literature","status-publish","has-post-thumbnail","hentry","nd_literature_tag-arhitektuur","nd_literature_tag-arhitektuuriajalugu","nd_literature_tag-austria-arhitektuur","nd_literature_cat-arhitektuur-ja-kunst"],"acf":[],"yoast_head":"<!-- This site is optimized with the Yoast SEO plugin v27.5 - https:\/\/yoast.com\/product\/yoast-seo-wordpress\/ -->\n<title>Eve Blau &quot;The Architecture of Red Vienna 1919-1934&quot;, 1999 - Tallinna Tehnikak\u00f5rgkool<\/title>\n<meta name=\"robots\" content=\"index, follow, max-snippet:-1, max-image-preview:large, max-video-preview:-1\" \/>\n<link rel=\"canonical\" href=\"https:\/\/www.tktk.ee\/en\/uliopilasele\/raamatukogu\/kirjandus\/eve-blau-the-architecture-of-red-vienna-1919-1934-1999\/\" \/>\n<meta property=\"og:locale\" content=\"en_US\" \/>\n<meta property=\"og:type\" content=\"article\" \/>\n<meta property=\"og:title\" content=\"Eve Blau &quot;The Architecture of Red Vienna 1919-1934&quot;, 1999 - Tallinna Tehnikak\u00f5rgkool\" \/>\n<meta property=\"og:description\" content=\"1919. aastal algatas Viini sotsiaaldemokraadist linnavolikogu radikaalse reformiprogrammi, mille eesm\u00e4rk oli kujundada linna taristu sotsialismi j\u00e4rgi \u00fcmber. &#8220;Punase&#8221; Viini keskne element oli Wiener Gemeindebauteni ehitamine. See koosnes 400st \u00fcle linna jaotatud kommunaalelamust, kus t\u00f6\u00f6liste elamud olid \u00fchendatud lasteaedade, raamatukogude, pesumajade, kliinikute, teatrite, sportimisv\u00f5imaluste, kauplustega ja muude avalike teenustega. Lisaks sellele, et 64 000 \u00fcksuses elas [&hellip;]\" \/>\n<meta property=\"og:url\" content=\"https:\/\/www.tktk.ee\/en\/uliopilasele\/raamatukogu\/kirjandus\/eve-blau-the-architecture-of-red-vienna-1919-1934-1999\/\" \/>\n<meta property=\"og:site_name\" content=\"Tallinna Tehnikak\u00f5rgkool\" \/>\n<meta property=\"article:modified_time\" content=\"2025-03-24T11:13:37+00:00\" \/>\n<meta property=\"og:image\" content=\"https:\/\/www.tktk.ee\/wp-content\/uploads\/2024\/12\/architecture-of-red-vienna.jpg\" \/>\n\t<meta property=\"og:image:width\" content=\"1033\" \/>\n\t<meta property=\"og:image:height\" content=\"1080\" \/>\n\t<meta property=\"og:image:type\" content=\"image\/jpeg\" \/>\n<meta name=\"twitter:card\" content=\"summary_large_image\" \/>\n<meta name=\"twitter:label1\" content=\"Est. reading time\" \/>\n\t<meta name=\"twitter:data1\" content=\"1 minute\" \/>\n<script type=\"application\/ld+json\" class=\"yoast-schema-graph\">{\"@context\":\"https:\\\/\\\/schema.org\",\"@graph\":[{\"@type\":[\"Article\",\"BlogPosting\"],\"@id\":\"https:\\\/\\\/www.tktk.ee\\\/en\\\/uliopilasele\\\/raamatukogu\\\/kirjandus\\\/eve-blau-the-architecture-of-red-vienna-1919-1934-1999\\\/#article\",\"isPartOf\":{\"@id\":\"https:\\\/\\\/www.tktk.ee\\\/en\\\/uliopilasele\\\/raamatukogu\\\/kirjandus\\\/eve-blau-the-architecture-of-red-vienna-1919-1934-1999\\\/\"},\"author\":{\"name\":\"Mailiis Olli\",\"@id\":\"https:\\\/\\\/www.tktk.ee\\\/en\\\/#\\\/schema\\\/person\\\/d561a6f3c0c707350a26d7f1b5f0fbc6\"},\"headline\":\"Eve Blau &#8220;The Architecture of Red Vienna 1919-1934&#8221;, 1999\",\"datePublished\":\"2024-12-12T07:58:55+00:00\",\"dateModified\":\"2025-03-24T11:13:37+00:00\",\"mainEntityOfPage\":{\"@id\":\"https:\\\/\\\/www.tktk.ee\\\/en\\\/uliopilasele\\\/raamatukogu\\\/kirjandus\\\/eve-blau-the-architecture-of-red-vienna-1919-1934-1999\\\/\"},\"wordCount\":165,\"publisher\":{\"@id\":\"https:\\\/\\\/www.tktk.ee\\\/en\\\/#organization\"},\"image\":{\"@id\":\"https:\\\/\\\/www.tktk.ee\\\/en\\\/uliopilasele\\\/raamatukogu\\\/kirjandus\\\/eve-blau-the-architecture-of-red-vienna-1919-1934-1999\\\/#primaryimage\"},\"thumbnailUrl\":\"https:\\\/\\\/www.tktk.ee\\\/wp-content\\\/uploads\\\/2024\\\/12\\\/architecture-of-red-vienna.jpg\",\"inLanguage\":\"en-US\"},{\"@type\":\"WebPage\",\"@id\":\"https:\\\/\\\/www.tktk.ee\\\/en\\\/uliopilasele\\\/raamatukogu\\\/kirjandus\\\/eve-blau-the-architecture-of-red-vienna-1919-1934-1999\\\/\",\"url\":\"https:\\\/\\\/www.tktk.ee\\\/en\\\/uliopilasele\\\/raamatukogu\\\/kirjandus\\\/eve-blau-the-architecture-of-red-vienna-1919-1934-1999\\\/\",\"name\":\"Eve Blau \\\"The Architecture of Red Vienna 1919-1934\\\", 1999 - Tallinna Tehnikak\u00f5rgkool\",\"isPartOf\":{\"@id\":\"https:\\\/\\\/www.tktk.ee\\\/en\\\/#website\"},\"primaryImageOfPage\":{\"@id\":\"https:\\\/\\\/www.tktk.ee\\\/en\\\/uliopilasele\\\/raamatukogu\\\/kirjandus\\\/eve-blau-the-architecture-of-red-vienna-1919-1934-1999\\\/#primaryimage\"},\"image\":{\"@id\":\"https:\\\/\\\/www.tktk.ee\\\/en\\\/uliopilasele\\\/raamatukogu\\\/kirjandus\\\/eve-blau-the-architecture-of-red-vienna-1919-1934-1999\\\/#primaryimage\"},\"thumbnailUrl\":\"https:\\\/\\\/www.tktk.ee\\\/wp-content\\\/uploads\\\/2024\\\/12\\\/architecture-of-red-vienna.jpg\",\"datePublished\":\"2024-12-12T07:58:55+00:00\",\"dateModified\":\"2025-03-24T11:13:37+00:00\",\"breadcrumb\":{\"@id\":\"https:\\\/\\\/www.tktk.ee\\\/en\\\/uliopilasele\\\/raamatukogu\\\/kirjandus\\\/eve-blau-the-architecture-of-red-vienna-1919-1934-1999\\\/#breadcrumb\"},\"inLanguage\":\"en-US\",\"potentialAction\":[{\"@type\":\"ReadAction\",\"target\":[\"https:\\\/\\\/www.tktk.ee\\\/en\\\/uliopilasele\\\/raamatukogu\\\/kirjandus\\\/eve-blau-the-architecture-of-red-vienna-1919-1934-1999\\\/\"]}]},{\"@type\":\"ImageObject\",\"inLanguage\":\"en-US\",\"@id\":\"https:\\\/\\\/www.tktk.ee\\\/en\\\/uliopilasele\\\/raamatukogu\\\/kirjandus\\\/eve-blau-the-architecture-of-red-vienna-1919-1934-1999\\\/#primaryimage\",\"url\":\"https:\\\/\\\/www.tktk.ee\\\/wp-content\\\/uploads\\\/2024\\\/12\\\/architecture-of-red-vienna.jpg\",\"contentUrl\":\"https:\\\/\\\/www.tktk.ee\\\/wp-content\\\/uploads\\\/2024\\\/12\\\/architecture-of-red-vienna.jpg\",\"width\":1033,\"height\":1080,\"caption\":\"Tallinna Tehnikak\u00f5rgkool - Eve Blau The architecture of Red Vienna 1919-1934 - raamatu kaanefoto\"},{\"@type\":\"BreadcrumbList\",\"@id\":\"https:\\\/\\\/www.tktk.ee\\\/en\\\/uliopilasele\\\/raamatukogu\\\/kirjandus\\\/eve-blau-the-architecture-of-red-vienna-1919-1934-1999\\\/#breadcrumb\",\"itemListElement\":[{\"@type\":\"ListItem\",\"position\":1,\"name\":\"Front-page\",\"item\":\"https:\\\/\\\/www.tktk.ee\\\/en\\\/\"},{\"@type\":\"ListItem\",\"position\":2,\"name\":\"Kirjandus\",\"item\":\"https:\\\/\\\/www.tktk.ee\\\/en\\\/uliopilasele\\\/raamatukogu\\\/kirjandus\\\/\"},{\"@type\":\"ListItem\",\"position\":3,\"name\":\"Eve Blau &#8220;The Architecture of Red Vienna 1919-1934&#8221;, 1999\"}]},{\"@type\":\"WebSite\",\"@id\":\"https:\\\/\\\/www.tktk.ee\\\/en\\\/#website\",\"url\":\"https:\\\/\\\/www.tktk.ee\\\/en\\\/\",\"name\":\"Tallinna Tehnikak\u00f5rgkool\",\"description\":\"\",\"publisher\":{\"@id\":\"https:\\\/\\\/www.tktk.ee\\\/en\\\/#organization\"},\"alternateName\":\"TTK\",\"potentialAction\":[{\"@type\":\"SearchAction\",\"target\":{\"@type\":\"EntryPoint\",\"urlTemplate\":\"https:\\\/\\\/www.tktk.ee\\\/en\\\/?s={search_term_string}\"},\"query-input\":{\"@type\":\"PropertyValueSpecification\",\"valueRequired\":true,\"valueName\":\"search_term_string\"}}],\"inLanguage\":\"en-US\"},{\"@type\":\"Organization\",\"@id\":\"https:\\\/\\\/www.tktk.ee\\\/en\\\/#organization\",\"name\":\"Tallinna Tehnikak\u00f5rgkool\",\"url\":\"https:\\\/\\\/www.tktk.ee\\\/en\\\/\",\"logo\":{\"@type\":\"ImageObject\",\"inLanguage\":\"en-US\",\"@id\":\"https:\\\/\\\/www.tktk.ee\\\/en\\\/#\\\/schema\\\/logo\\\/image\\\/\",\"url\":\"https:\\\/\\\/www.tktk.ee\\\/wp-content\\\/uploads\\\/2021\\\/12\\\/ttk_logo_originaal_UKR-2.svg\",\"contentUrl\":\"https:\\\/\\\/www.tktk.ee\\\/wp-content\\\/uploads\\\/2021\\\/12\\\/ttk_logo_originaal_UKR-2.svg\",\"caption\":\"Tallinna Tehnikak\u00f5rgkool\"},\"image\":{\"@id\":\"https:\\\/\\\/www.tktk.ee\\\/en\\\/#\\\/schema\\\/logo\\\/image\\\/\"}},{\"@type\":\"Person\",\"@id\":\"https:\\\/\\\/www.tktk.ee\\\/en\\\/#\\\/schema\\\/person\\\/d561a6f3c0c707350a26d7f1b5f0fbc6\",\"name\":\"Mailiis Olli\",\"image\":{\"@type\":\"ImageObject\",\"inLanguage\":\"en-US\",\"@id\":\"https:\\\/\\\/secure.gravatar.com\\\/avatar\\\/ae94f3d785936a3370c51d1db2e6c7714f5d3e1fa05e3be99b8da36642f921b6?s=96&d=mm&r=g\",\"url\":\"https:\\\/\\\/secure.gravatar.com\\\/avatar\\\/ae94f3d785936a3370c51d1db2e6c7714f5d3e1fa05e3be99b8da36642f921b6?s=96&d=mm&r=g\",\"contentUrl\":\"https:\\\/\\\/secure.gravatar.com\\\/avatar\\\/ae94f3d785936a3370c51d1db2e6c7714f5d3e1fa05e3be99b8da36642f921b6?s=96&d=mm&r=g\",\"caption\":\"Mailiis Olli\"},\"url\":\"https:\\\/\\\/www.tktk.ee\\\/en\\\/author\\\/3d1e8d80d7ad9060\\\/\"}]}<\/script>\n<!-- \/ Yoast SEO plugin. -->","yoast_head_json":{"title":"Eve Blau \"The Architecture of Red Vienna 1919-1934\", 1999 - Tallinna Tehnikak\u00f5rgkool","robots":{"index":"index","follow":"follow","max-snippet":"max-snippet:-1","max-image-preview":"max-image-preview:large","max-video-preview":"max-video-preview:-1"},"canonical":"https:\/\/www.tktk.ee\/en\/uliopilasele\/raamatukogu\/kirjandus\/eve-blau-the-architecture-of-red-vienna-1919-1934-1999\/","og_locale":"en_US","og_type":"article","og_title":"Eve Blau \"The Architecture of Red Vienna 1919-1934\", 1999 - Tallinna Tehnikak\u00f5rgkool","og_description":"1919. aastal algatas Viini sotsiaaldemokraadist linnavolikogu radikaalse reformiprogrammi, mille eesm\u00e4rk oli kujundada linna taristu sotsialismi j\u00e4rgi \u00fcmber. &#8220;Punase&#8221; Viini keskne element oli Wiener Gemeindebauteni ehitamine. See koosnes 400st \u00fcle linna jaotatud kommunaalelamust, kus t\u00f6\u00f6liste elamud olid \u00fchendatud lasteaedade, raamatukogude, pesumajade, kliinikute, teatrite, sportimisv\u00f5imaluste, kauplustega ja muude avalike teenustega. Lisaks sellele, et 64 000 \u00fcksuses elas [&hellip;]","og_url":"https:\/\/www.tktk.ee\/en\/uliopilasele\/raamatukogu\/kirjandus\/eve-blau-the-architecture-of-red-vienna-1919-1934-1999\/","og_site_name":"Tallinna Tehnikak\u00f5rgkool","article_modified_time":"2025-03-24T11:13:37+00:00","og_image":[{"width":1033,"height":1080,"url":"https:\/\/www.tktk.ee\/wp-content\/uploads\/2024\/12\/architecture-of-red-vienna.jpg","type":"image\/jpeg"}],"twitter_card":"summary_large_image","twitter_misc":{"Est. reading time":"1 minute"},"schema":{"@context":"https:\/\/schema.org","@graph":[{"@type":["Article","BlogPosting"],"@id":"https:\/\/www.tktk.ee\/en\/uliopilasele\/raamatukogu\/kirjandus\/eve-blau-the-architecture-of-red-vienna-1919-1934-1999\/#article","isPartOf":{"@id":"https:\/\/www.tktk.ee\/en\/uliopilasele\/raamatukogu\/kirjandus\/eve-blau-the-architecture-of-red-vienna-1919-1934-1999\/"},"author":{"name":"Mailiis Olli","@id":"https:\/\/www.tktk.ee\/en\/#\/schema\/person\/d561a6f3c0c707350a26d7f1b5f0fbc6"},"headline":"Eve Blau &#8220;The Architecture of Red Vienna 1919-1934&#8221;, 1999","datePublished":"2024-12-12T07:58:55+00:00","dateModified":"2025-03-24T11:13:37+00:00","mainEntityOfPage":{"@id":"https:\/\/www.tktk.ee\/en\/uliopilasele\/raamatukogu\/kirjandus\/eve-blau-the-architecture-of-red-vienna-1919-1934-1999\/"},"wordCount":165,"publisher":{"@id":"https:\/\/www.tktk.ee\/en\/#organization"},"image":{"@id":"https:\/\/www.tktk.ee\/en\/uliopilasele\/raamatukogu\/kirjandus\/eve-blau-the-architecture-of-red-vienna-1919-1934-1999\/#primaryimage"},"thumbnailUrl":"https:\/\/www.tktk.ee\/wp-content\/uploads\/2024\/12\/architecture-of-red-vienna.jpg","inLanguage":"en-US"},{"@type":"WebPage","@id":"https:\/\/www.tktk.ee\/en\/uliopilasele\/raamatukogu\/kirjandus\/eve-blau-the-architecture-of-red-vienna-1919-1934-1999\/","url":"https:\/\/www.tktk.ee\/en\/uliopilasele\/raamatukogu\/kirjandus\/eve-blau-the-architecture-of-red-vienna-1919-1934-1999\/","name":"Eve Blau \"The Architecture of Red Vienna 1919-1934\", 1999 - Tallinna Tehnikak\u00f5rgkool","isPartOf":{"@id":"https:\/\/www.tktk.ee\/en\/#website"},"primaryImageOfPage":{"@id":"https:\/\/www.tktk.ee\/en\/uliopilasele\/raamatukogu\/kirjandus\/eve-blau-the-architecture-of-red-vienna-1919-1934-1999\/#primaryimage"},"image":{"@id":"https:\/\/www.tktk.ee\/en\/uliopilasele\/raamatukogu\/kirjandus\/eve-blau-the-architecture-of-red-vienna-1919-1934-1999\/#primaryimage"},"thumbnailUrl":"https:\/\/www.tktk.ee\/wp-content\/uploads\/2024\/12\/architecture-of-red-vienna.jpg","datePublished":"2024-12-12T07:58:55+00:00","dateModified":"2025-03-24T11:13:37+00:00","breadcrumb":{"@id":"https:\/\/www.tktk.ee\/en\/uliopilasele\/raamatukogu\/kirjandus\/eve-blau-the-architecture-of-red-vienna-1919-1934-1999\/#breadcrumb"},"inLanguage":"en-US","potentialAction":[{"@type":"ReadAction","target":["https:\/\/www.tktk.ee\/en\/uliopilasele\/raamatukogu\/kirjandus\/eve-blau-the-architecture-of-red-vienna-1919-1934-1999\/"]}]},{"@type":"ImageObject","inLanguage":"en-US","@id":"https:\/\/www.tktk.ee\/en\/uliopilasele\/raamatukogu\/kirjandus\/eve-blau-the-architecture-of-red-vienna-1919-1934-1999\/#primaryimage","url":"https:\/\/www.tktk.ee\/wp-content\/uploads\/2024\/12\/architecture-of-red-vienna.jpg","contentUrl":"https:\/\/www.tktk.ee\/wp-content\/uploads\/2024\/12\/architecture-of-red-vienna.jpg","width":1033,"height":1080,"caption":"Tallinna Tehnikak\u00f5rgkool - Eve Blau The architecture of Red Vienna 1919-1934 - raamatu kaanefoto"},{"@type":"BreadcrumbList","@id":"https:\/\/www.tktk.ee\/en\/uliopilasele\/raamatukogu\/kirjandus\/eve-blau-the-architecture-of-red-vienna-1919-1934-1999\/#breadcrumb","itemListElement":[{"@type":"ListItem","position":1,"name":"Front-page","item":"https:\/\/www.tktk.ee\/en\/"},{"@type":"ListItem","position":2,"name":"Kirjandus","item":"https:\/\/www.tktk.ee\/en\/uliopilasele\/raamatukogu\/kirjandus\/"},{"@type":"ListItem","position":3,"name":"Eve Blau &#8220;The Architecture of Red Vienna 1919-1934&#8221;, 1999"}]},{"@type":"WebSite","@id":"https:\/\/www.tktk.ee\/en\/#website","url":"https:\/\/www.tktk.ee\/en\/","name":"Tallinna Tehnikak\u00f5rgkool","description":"","publisher":{"@id":"https:\/\/www.tktk.ee\/en\/#organization"},"alternateName":"TTK","potentialAction":[{"@type":"SearchAction","target":{"@type":"EntryPoint","urlTemplate":"https:\/\/www.tktk.ee\/en\/?s={search_term_string}"},"query-input":{"@type":"PropertyValueSpecification","valueRequired":true,"valueName":"search_term_string"}}],"inLanguage":"en-US"},{"@type":"Organization","@id":"https:\/\/www.tktk.ee\/en\/#organization","name":"Tallinna Tehnikak\u00f5rgkool","url":"https:\/\/www.tktk.ee\/en\/","logo":{"@type":"ImageObject","inLanguage":"en-US","@id":"https:\/\/www.tktk.ee\/en\/#\/schema\/logo\/image\/","url":"https:\/\/www.tktk.ee\/wp-content\/uploads\/2021\/12\/ttk_logo_originaal_UKR-2.svg","contentUrl":"https:\/\/www.tktk.ee\/wp-content\/uploads\/2021\/12\/ttk_logo_originaal_UKR-2.svg","caption":"Tallinna Tehnikak\u00f5rgkool"},"image":{"@id":"https:\/\/www.tktk.ee\/en\/#\/schema\/logo\/image\/"}},{"@type":"Person","@id":"https:\/\/www.tktk.ee\/en\/#\/schema\/person\/d561a6f3c0c707350a26d7f1b5f0fbc6","name":"Mailiis Olli","image":{"@type":"ImageObject","inLanguage":"en-US","@id":"https:\/\/secure.gravatar.com\/avatar\/ae94f3d785936a3370c51d1db2e6c7714f5d3e1fa05e3be99b8da36642f921b6?s=96&d=mm&r=g","url":"https:\/\/secure.gravatar.com\/avatar\/ae94f3d785936a3370c51d1db2e6c7714f5d3e1fa05e3be99b8da36642f921b6?s=96&d=mm&r=g","contentUrl":"https:\/\/secure.gravatar.com\/avatar\/ae94f3d785936a3370c51d1db2e6c7714f5d3e1fa05e3be99b8da36642f921b6?s=96&d=mm&r=g","caption":"Mailiis Olli"},"url":"https:\/\/www.tktk.ee\/en\/author\/3d1e8d80d7ad9060\/"}]}},"_links":{"self":[{"href":"https:\/\/www.tktk.ee\/en\/wp-json\/wp\/v2\/nd_literature\/40221","targetHints":{"allow":["GET"]}}],"collection":[{"href":"https:\/\/www.tktk.ee\/en\/wp-json\/wp\/v2\/nd_literature"}],"about":[{"href":"https:\/\/www.tktk.ee\/en\/wp-json\/wp\/v2\/types\/nd_literature"}],"author":[{"embeddable":true,"href":"https:\/\/www.tktk.ee\/en\/wp-json\/wp\/v2\/users\/23"}],"version-history":[{"count":2,"href":"https:\/\/www.tktk.ee\/en\/wp-json\/wp\/v2\/nd_literature\/40221\/revisions"}],"predecessor-version":[{"id":43248,"href":"https:\/\/www.tktk.ee\/en\/wp-json\/wp\/v2\/nd_literature\/40221\/revisions\/43248"}],"wp:featuredmedia":[{"embeddable":true,"href":"https:\/\/www.tktk.ee\/en\/wp-json\/wp\/v2\/media\/40222"}],"wp:attachment":[{"href":"https:\/\/www.tktk.ee\/en\/wp-json\/wp\/v2\/media?parent=40221"}],"wp:term":[{"taxonomy":"nd_literature_tag","embeddable":true,"href":"https:\/\/www.tktk.ee\/en\/wp-json\/wp\/v2\/nd_literature_tag?post=40221"},{"taxonomy":"nd_literature_cat","embeddable":true,"href":"https:\/\/www.tktk.ee\/en\/wp-json\/wp\/v2\/nd_literature_cat?post=40221"}],"curies":[{"name":"wp","href":"https:\/\/api.w.org\/{rel}","templated":true}]}}